{"id":1289,"date":"2018-09-29T07:51:16","date_gmt":"2018-09-29T07:51:16","guid":{"rendered":"http:\/\/www.contextprofessionals.com\/?page_id=1289"},"modified":"2018-09-30T18:11:03","modified_gmt":"2018-09-30T18:11:03","slug":"turkish-personal-data-protection-law","status":"publish","type":"page","link":"https:\/\/contextprofessionals.com\/en\/turkish-personal-data-protection-law\/","title":{"rendered":"Turkish Personal Data Protection Law"},"content":{"rendered":"<p>[vc_row][vc_column][vc_empty_space height=&#8221;25px&#8221;][\/vc_column][\/vc_row][vc_row wrap_container=&#8221;yes&#8221; el_class=&#8221;p-b-lg&#8221;][vc_column][vc_column_text]<\/p>\n<p style=\"text-align: center;\"><em>6698 Say\u0131l\u0131 Ki\u015fisel Verilerin Korunmas\u0131 Kanunu (KVKK) kapsam\u0131ndaki uygulamlar\u0131m\u0131z hakk\u0131nda sizleri bilgilendirmek isteriz.<\/em><\/p>\n<div style=\"text-align: center;\"><strong>Context Professionals Corporate Coaching &amp; Consulting<\/strong><\/div>\n<div style=\"text-align: center;\"><strong>Ki\u015fisel Verileri Koruma Politikas\u0131<\/strong><\/div>\n<div><\/div>\n<div>Bu gizlilik politikas\u0131 web sitemizi kullan\u0131rken veya websitemizde herhangi bir form doldurdu\u011funuzda Context Professionals Corporate Coaching &amp; Consulting\u2019 e verdi\u011finiz bilgileri nas\u0131l kulland\u0131\u011f\u0131m\u0131z\u0131 ve korudu\u011fumuzu belirler.<\/div>\n<div><\/div>\n<div>Context Professionals Corporate Coaching &amp; Consulting, Cahide Akkuzu\u2019 nun tescilli markas\u0131d\u0131r. Bize Buyaka Sitesi Kule 2, Kat 16, FSM Mah, Poligon Cad, 34771 \u00dcmraniye \u0130stanbul telefonumuzdan veya <a href=\"http:\/\/www.contextprofessionals.com\/en\/contact-us\/\">buraya t\u0131klayarak<\/a> ileti\u015fim formumuzdan ula\u015fabilirisiniz. Web sitemizi kullan\u0131rken veya sitede yer alan herhangi bir elektronik formda verdi\u011finiz bilgilerin yaln\u0131zca bu gizlilik politikas\u0131na uygun olarak kullan\u0131laca\u011f\u0131ndan emin olabilirsiniz. Context Professionals Corporate Coaching &amp; Consulting bu politikay\u0131 zaman zaman de\u011fi\u015ftirebilir; b\u00f6yle bir durumda bu de\u011fi\u015fiklikler web sitemizde yay\u0131nlanacak ve burada ilan edilen gizlilik politikam\u0131z metnine yans\u0131t\u0131lacakt\u0131r. Bu politika yay\u0131nland\u0131\u011f\u0131 tarihten itibaren ge\u00e7erlidir.<\/div>\n<div><\/div>\n<div style=\"text-align: center;\"><strong>HANG\u0130 B\u0130LG\u0130LER\u0130 TOPLUYORUZ VE BU B\u0130LG\u0130LERLE NE YAPIYORUZ<\/strong><\/div>\n<div><\/div>\n<div>A\u015fa\u011f\u0131daki bilgileri toplayabiliriz:<\/div>\n<ul>\n<li>Ad\u0131n\u0131z ve soyad\u0131n\u0131z<\/li>\n<li>E-posta adresiniz ve ileti\u015fim bilgileriniz<\/li>\n<li>E\u011fer bir e\u011fitime ba\u015fvuruyorsan\u0131z, bu e\u011fitimden size tam fayda sunabilmemiz i\u00e7in do\u011fum tarihiniz, mezun oldu\u011funuz okul, \u00e7al\u0131\u015ft\u0131\u011f\u0131n\u0131z i\u015fler gibi \u00e7e\u015fitli demografik bilgileriniz<\/li>\n<li>Sundu\u011fumuz e\u011fitimlerle ilgili olas\u0131 di\u011fer bilgileriniz<\/li>\n<li>Sitemizi kullan\u0131m\u0131zla ilgili bilgileriniz<\/li>\n<li>Sosyal medya sayfalar\u0131m\u0131za abone olman\u0131z durumunda sosyal medya profiliniz ile ilgili bilgileriniz<\/li>\n<\/ul>\n<p>Bu bilgileri gereksinimlerinizi anlamak ve daha iyi bir hizmet sunmak i\u00e7in \u00f6zellikle a\u015fa\u011f\u0131daki nedenlerden dolay\u0131 talep ediyoruz :<\/p>\n<ul>\n<li>Dahili kay\u0131t tutmak.<\/li>\n<li>Context Professionals taraf\u0131ndan \u00fcretilen ve sizin eposta ve di\u011fer listelerimize abone olarak ilginizi belirtti\u011finiz \u00e7al\u0131\u015fma ve hizmet alan\u0131m\u0131zda size faydal\u0131 olabilece\u011fini d\u00fc\u015f\u00fcnd\u00fc\u011f\u00fcm\u00fcz yeni yaz\u0131, makale, ara\u015ft\u0131rma, kitap, g\u00f6rsel medya, vb. formatlardaki yay\u0131nlar\u0131m\u0131z\u0131 payla\u015fmak ve bunlardan eposta ve sosyal medya yoluyla haberdar etmek.<\/li>\n<li>Sunaca\u011f\u0131m\u0131z e\u011fitimler ve kendi \u00e7al\u0131\u015fma alan\u0131m\u0131zdaki di\u011fer hizmetlerden bizden haber almak istedi\u011fini eposta ve di\u011fer listelerimize kay\u0131t olarak beyan etmi\u015f sizlere bu hizmetlerimizi duyurmak.<\/li>\n<\/ul>\n<p>Websitemizde \u015fu yol ve ama\u00e7larla veri topluyor ve kullan\u0131yoruz:<\/p>\n<p>\u0130leti\u015fim formu: Bu sayfadaki formu kullanarak bizimle irtibata ge\u00e7en ki\u015filerin sorular\u0131n\u0131 ve taleplerini kar\u015f\u0131lamak i\u00e7in kullan\u0131yoruz. Bu formu doldurarak bizimle isim, eposta adresi ve telefonunu payla\u015fan ki\u015filerle bizimle ileti\u015fime ge\u00e7tikleri konular d\u0131\u015f\u0131nda herhangi bir ama\u00e7la verilerini i\u015flemiyor, saklam\u0131yor, pazarlama, tan\u0131t\u0131m veya ba\u015fka ama\u00e7larla veritabanlar\u0131m\u0131za eklemiyoruz. \u0130lgili konu ile ilgili ihtiya\u00e7 sona erdi\u011finde veriyi tutmaya devam etmiyoruz.<\/p>\n<p>Abonelik Formlar\u0131: Websitemizin \u2018Kaynaklar\u2019 ve \u2018Blog\u2019 sayfalar\u0131nda yer alan abonelik formlar\u0131 ile ziyaret\u00e7ilerimizden (ad, soyad ve e-posta adresi) bilgilerini topluyoruz. Bu bilgileri duyurular\u0131m\u0131z\u0131 yapmak amac\u0131yla kulland\u0131\u011f\u0131m\u0131z MailChimp adl\u0131 bulut \u00fczerinden hizmet veren \u015firkette bulunan veritaban\u0131m\u0131zda tutuyoruz. Bilgileri veritaban\u0131m\u0131zda bulunan ki\u015fi art\u0131k bu duyurular\u0131 almak istemedi\u011fini belirtene kadar tutuyoruz ve sadece bu ama\u00e7larla kullan\u0131yoruz. Herhangi bir \u015fekilde \u00fc\u00e7\u00fcnc\u00fc partilerle payla\u015fm\u0131yoruz.<\/p>\n<p style=\"text-align: center;\"><strong>G\u00dcVENL\u0130K<\/strong><\/p>\n<p>Bilgilerinizin g\u00fcvende oldu\u011funu garanti ediyoruz. Yetkisiz eri\u015fimi veya if\u015fay\u0131 \u00f6nlemek i\u00e7in, \u00e7evrimi\u00e7i olarak toplad\u0131\u011f\u0131m\u0131z bilgileri ve di\u011fer elektronik formlar\u0131 korumak ve korumak i\u00e7in uygun fiziksel, elektronik ve y\u00f6netimsel prosed\u00fcrler uygulad\u0131k. \u00d6zellikle web sitemizde doldurdu\u011funuz abonelik formlar\u0131ndan i\u015fledi\u011fimiz bilgileri tutmak i\u00e7in ve yukar\u0131daki hizmetlerin baz\u0131lar\u0131n\u0131 sunmak i\u00e7in bu konuda en g\u00fcvenli ve en profesyonel hizmet veren kurulu\u015flardan Mailchimp\u2019 den hizmet al\u0131yoruz. Kendisinin de Ki\u015fisel Verileri Korumak\u2019la ilgili politikalar\u0131n\u0131n kendi politikalar\u0131m\u0131zla uyumlu oldu\u011funu g\u00f6rd\u00fc\u011f\u00fcm\u00fcz bu kurulu\u015fun uygulama ve g\u00fcvenlik bildirgelerine <a href=\"https:\/\/mailchimp.com\/legal\/privacy\/\">https:\/\/mailchimp.com\/legal\/privacy\/<\/a> \u2018den ula\u015fabilirsiniz.<\/p>\n<p style=\"text-align: center;\"><strong>EKLENT\u0130LER<\/strong><\/p>\n<p>Websitemiz wordpress i\u015fletim sistemi \u00fczerine kurgulanm\u0131\u015ft\u0131r. WordPress i\u015fletim sistemi kendili\u011finden herhangi bir \u015fekilde ziyaret\u00e7ilerin bilgilerini i\u015flemez ve takip etmez. Kullan\u0131c\u0131\/ziyaret\u00e7i deneyimini daha etkin hale getirmek i\u00e7in \u00e7e\u015fitli eklentiler kullanmaktay\u0131z. Bunlar\u0131n baz\u0131lar\u0131 <span style=\"color: #08c;\">Wysija Newsletters, Ultimate Layouts Vc,\u00a0Vc Extensions Bundle,\u00a0Contact Form 7, Kodex Posts Likes, Revslider, Sitepress Multilingual Cms, Instagram Slider Widget, WPBakery Page Builder for WordPress, Ultimate Addons for WPBakery Page Builder<\/span> gibi eklentilerdir. Bu eklentiler ziyaret\u00e7i istatistiklerini tutmak, websitesinin daha h\u0131zl\u0131 y\u00fcklenmesini sa\u011flamak, i\u00e7eri\u011fin sosyal medyada daha kolay payla\u015f\u0131lmas\u0131n\u0131 sa\u011flamak, sitenin g\u00fcvenli olmas\u0131n\u0131 sa\u011flamak, yorumlarda spam i\u00e7eren i\u00e7eriklerin payla\u015f\u0131lmas\u0131n\u0131 engellemek, sitenin k\u00f6t\u00fc niyetli ki\u015filer taraf\u0131ndan ele ge\u00e7irilmesini engellemek, ziyaret\u00e7ilere abone formlar\u0131n\u0131 g\u00f6stermek gibi ama\u00e7larla kullan\u0131lmaktad\u0131r. Bu eklentilerin baz\u0131lar\u0131 \u00e7erezler kullanabilir. Bu \u00e7erezlerin amac\u0131 da yukar\u0131da payla\u015ft\u0131\u011f\u0131m\u0131z ama\u00e7lara hizmet etmektir. Bunlar haricinde ileride sizlere daha iyi hizmet sunmak i\u00e7in \u00e7e\u015fitli pixeller gibi izleyiciler kullanabiliriz. Bu gib de\u011fi\u015fiklikler oldu\u011funda bu bildirgede duyurulacakt\u0131r.<\/p>\n<p style=\"text-align: center;\"><strong>K\u0130\u015e\u0130SEL B\u0130LG\u0130LER\u0130N\u0130Z\u0130N KONTROL ED\u0130LMES\u0130<\/strong><\/p>\n<p>Ki\u015fisel bilgilerinizin toplanmas\u0131n\u0131 veya kullan\u0131lmas\u0131n\u0131 a\u015fa\u011f\u0131daki yollarla k\u0131s\u0131tlamay\u0131 se\u00e7ebilirsiniz:<\/p>\n<p>Sizin izniniz olmadan ya da yasalarca gerekli g\u00f6r\u00fclmedik\u00e7e, ki\u015fisel bilgilerinizi \u00fc\u00e7\u00fcnc\u00fc taraflara satmayacak, da\u011f\u0131tmayacak ya da kiralamayaca\u011f\u0131z. Kisisel Verileri Koruma Kanunu kapsam\u0131nda, ki\u015fisel verilerinize eri\u015fim ve de\u011fi\u015fiklik yapma hakk\u0131na sahipsiniz. Tuttu\u011fumuz ki\u015fisel bilgileri g\u00f6r\u00fcnt\u00fcleme, de\u011fi\u015ftirme veya silme hakk\u0131na sahipsiniz. \u0130ste\u011finizi veri i\u015fleme sorumlumuza e-posta ile g\u00f6nderiniz: cahide@contextprofessionals.com E\u011fer hakk\u0131n\u0131zda tuttu\u011fumuz herhangi bir bilginin yanl\u0131\u015f veya eksik oldu\u011funu d\u00fc\u015f\u00fcn\u00fcyorsan\u0131z, l\u00fctfen en k\u0131sa zamanda yukar\u0131daki adrese yaz\u0131n veya e-posta g\u00f6nderin. Hatal\u0131 oldu\u011fu tespit edilen bilgileri derhal d\u00fczeltece\u011fiz.<\/p>\n<p style=\"text-align: center;\"><strong>G\u0130ZL\u0130L\u0130K B\u0130LD\u0130RGES\u0130<\/strong><\/p>\n<p>Context Professionals, ki\u015fisel verileri korumaya b\u00fcy\u00fck \u00f6nem vermektedir. Sizden hangi bilgileri i\u015fledi\u011fimizi ve nas\u0131l kulland\u0131\u011f\u0131m\u0131z\u0131 her zaman bilmeniz gerekti\u011fine ve her ikisinde de anlaml\u0131 bir kontrol sahibi olman\u0131z gerekti\u011fine inan\u0131yoruz. Bu gizlilik bildirimi, ki\u015fisel verileri neden ve nas\u0131l i\u015fledi\u011fimizi ve kulland\u0131\u011f\u0131m\u0131z\u0131 anlat\u0131r ve bireylerin haklar\u0131 hakk\u0131nda bilgi sa\u011flar. Bu bildirge bize hem ki\u015fisel olarak hem de ba\u015fkalar\u0131 taraf\u0131ndan sa\u011flanan ki\u015fisel veriler i\u00e7in ge\u00e7erlidir. Bu gizlilik beyan\u0131nda belirtilen ama\u00e7larla ve bu bilgileri i\u015flerken belirtebilece\u011fimiz ama\u00e7larla bize verilen ki\u015fisel bilgileri kullanabiliriz. Ki\u015fisel veriler, kimli\u011fi belirli veya belirlenebilir ger\u00e7ek ki\u015fiye ili\u015fkin her t\u00fcrl\u00fc bilgiyi i\u00e7erir. Context Professionals ki\u015fisel verileri \u00e7e\u015fitli ama\u00e7larla i\u015flemektedir ve her bir ama\u00e7 i\u00e7in toplama, yasal i\u015fleme, kullan\u0131m, a\u00e7\u0131klama ve saklama s\u00fcreleri farkl\u0131l\u0131k g\u00f6sterebilir. Ki\u015fisel verileri i\u015flerken ve kullan\u0131rken, politikam\u0131z ki\u015fisel verileri neden ve nas\u0131l i\u015fledi\u011fimiz konusunda \u015feffaft\u0131r. \u00d6zel i\u015fleme faaliyetlerimiz hakk\u0131nda daha fazla bilgi edinmek i\u00e7in l\u00fctfen bu bildirimin ilgili b\u00f6l\u00fcmlerine gidin.<\/p>\n<p style=\"text-align: center;\"><strong>K\u0130\u015e\u0130SEL VER\u0130LER\u0130N \u0130\u015eLENMES\u0130<\/strong><\/p>\n<p>Context Professionals m\u00fc\u015fterileri, dan\u0131\u015fanlar\u0131, sundu\u011fu e\u011fitim kat\u0131l\u0131mc\u0131lar\u0131, kendisi ile \u00e7e\u015fitli kanallardan ileti\u015fime ge\u00e7erek hizmetleri ile ilgili bilgi isteyen potansiyel m\u00fc\u015fterileri ve sundu\u011fu bilgi, makale, yaz\u0131, e\u011fitim, dan\u0131\u015fmanl\u0131k ve vb. konularda haber alma istek ve ilgisini elektronik posta listemize abone olarak veya sosyal medya kanallar\u0131na abone olarak a\u00e7\u0131k\u00e7a belirten ki\u015filerin verilerini i\u015fler. Ki\u015filer hakk\u0131nda ki\u015fisel verilerin i\u015flenmesi s\u00fcrecini ki\u015finin kendisi web sitemiz, sosyal medya kanallar\u0131m\u0131z ve di\u011fer ileti\u015fim kanallar\u0131n\u0131 kullanarak ba\u015flat\u0131r, ve bu veriler \u00e7o\u011fu zaman ki\u015finin ad\u0131, telefonu, e-postas\u0131 ve benzeri bilgileri i\u00e7erecektir.<\/p>\n<p style=\"text-align: center;\"><strong>K\u0130\u015e\u0130SEL VER\u0130LER\u0130N KULLANIMI<\/strong><\/p>\n<p>Ki\u015filerle ilgili ki\u015fisel bilgiler, Context Professionals kullan\u0131c\u0131lar\u0131 taraf\u0131ndan, bu ki\u015filere ilgilenebileceklerini d\u00fc\u015f\u00fcnd\u00fc\u011f\u00fcm\u00fcz yaz\u0131, makale, ara\u015ft\u0131rma, e\u011fitim duyurusu, kitap, g\u00f6rsel medya, vb. formatlardaki bilgileri payla\u015fmak ve bunlardan eposta ve sosyal medya yoluyla haberdar etmek ama\u00e7lar\u0131yla kullan\u0131labilir.<\/p>\n<p>Context Professionals ki\u015filerin a\u00e7\u0131k r\u0131zas\u0131 olmadan satarak, kiralayarak veya ba\u015fka herhangi bir \u015fekilde veri taban\u0131ndaki ki\u015fisel verileri \u00fc\u00e7\u00fcnc\u00fc partilere a\u00e7maz ve bu verilerin pazarlama amac\u0131 ile kullan\u0131lmas\u0131na izin vermez.<\/p>\n<p style=\"text-align: center;\"><strong>VER\u0130 SAKLAMA<\/strong><\/p>\n<p>Ki\u015fisel veriler yukar\u0131da belirtilen ama\u00e7lar i\u00e7in gerekli oldu\u011fu s\u00fcrece veya ilgili ki\u015filer taraf\u0131ndan aksi yaz\u0131l\u0131 olarak beyan edilmedi\u011fi s\u00fcrece Context Professionals taraf\u0131ndan muhafaza edilecektir.[\/vc_column_text][\/vc_column][\/vc_row]<\/p>\n","protected":false},"excerpt":{"rendered":"<p>[vc_row][vc_column][vc_empty_space height=&#8221;25px&#8221;][\/vc_column][\/vc_row][vc_row wrap_container=&#8221;yes&#8221; el_class=&#8221;p-b-lg&#8221;][vc_column][vc_column_text] 6698 Say\u0131l\u0131 Ki\u015fisel Verilerin Korunmas\u0131 Kanunu (KVKK) kapsam\u0131ndaki uygulamlar\u0131m\u0131z hakk\u0131nda sizleri bilgilendirmek isteriz. Context Professionals Corporate Coaching &amp; Consulting Ki\u015fisel Verileri Koruma Politikas\u0131 Bu gizlilik politikas\u0131 web sitemizi kullan\u0131rken veya websitemizde herhangi bir form doldurdu\u011funuzda Context Professionals Corporate Coaching &amp; Consulting\u2019 e verdi\u011finiz bilgileri nas\u0131l kulland\u0131\u011f\u0131m\u0131z\u0131 ve korudu\u011fumuzu belirler. Context Professionals [&hellip;]<\/p>\n","protected":false},"author":1,"featured_media":0,"parent":0,"menu_order":0,"comment_status":"closed","ping_status":"closed","template":"","meta":[],"_links":{"self":[{"href":"https:\/\/contextprofessionals.com\/en\/wp-json\/wp\/v2\/pages\/1289"}],"collection":[{"href":"https:\/\/contextprofessionals.com\/en\/wp-json\/wp\/v2\/pages"}],"about":[{"href":"https:\/\/contextprofessionals.com\/en\/wp-json\/wp\/v2\/types\/page"}],"author":[{"embeddable":true,"href":"https:\/\/contextprofessionals.com\/en\/wp-json\/wp\/v2\/users\/1"}],"replies":[{"embeddable":true,"href":"https:\/\/contextprofessionals.com\/en\/wp-json\/wp\/v2\/comments?post=1289"}],"version-history":[{"count":2,"href":"https:\/\/contextprofessionals.com\/en\/wp-json\/wp\/v2\/pages\/1289\/revisions"}],"predecessor-version":[{"id":1293,"href":"https:\/\/contextprofessionals.com\/en\/wp-json\/wp\/v2\/pages\/1289\/revisions\/1293"}],"wp:attachment":[{"href":"https:\/\/contextprofessionals.com\/en\/wp-json\/wp\/v2\/media?parent=1289"}],"curies":[{"name":"wp","href":"https:\/\/api.w.org\/{rel}","templated":true}]}}